{"id":36365,"date":"2025-02-24T13:29:01","date_gmt":"2025-02-24T12:29:01","guid":{"rendered":"https:\/\/schloss-schrattenthal.at\/?page_id=36365"},"modified":"2026-04-10T10:40:08","modified_gmt":"2026-04-10T08:40:08","slug":"lavendelfest","status":"publish","type":"page","link":"https:\/\/schloss-schrattenthal.at\/cs\/lavendelfest\/","title":{"rendered":"Levandulov\u00fd festival"},"content":{"rendered":"<div class=\"section gb-element-cf6e0896\">\n<div class=\"gb-element-0ba1efc7\">\n<div class=\"gb-element-cd6e92de\">\n<div class=\"gb-element-ca825678\">\n<h1 class=\"gb-text headline--h1 gb-text-d727bc41\">Levandulov\u00fd festival<\/h1>\n<\/div>\n\n\n\n<section class=\"gb-query-9dc4a7b1\"><div >\n<div class=\"gb-loop-item post-35576 post type-post status-publish format-standard has-post-thumbnail hentry category-events category-startseite-event\">\n<div class=\"padding--secondary container--height-mobile gb-element-a1494b53\">\n\n\n\n\n\n\n<p class=\"gb-text gb-text-8cd3a498\">P\u0159edprodej vstupenek je mo\u017en\u00fd tak\u00e9 na adrese <a href=\"tel:069910288072\"><strong>069910288072<\/strong><\/a> nebo <a href=\"mailto:office@andrea-schubert.at\"><strong>office@andrea-schubert.at<\/strong><\/a> lze objednat do p\u00e1tku 04. \u010dervence!<\/p>\n<\/div>\n<\/div>\n<\/div><\/section>\n\n\n\n<div class=\"gb-element-923af159\">\n<div class=\"gb-element-683e400c\">\n<img loading=\"lazy\" decoding=\"async\" width=\"1200\" height=\"800\" class=\"container--height-mobile gb-media-5a3f99b4\" src=\"https:\/\/schloss-schrattenthal.at\/wp-content\/uploads\/Lavendelfeld-bei-Sonnenuntergang.webp\" title=\"Levandulov\u00e9 pole p\u0159i z\u00e1padu slunce\" srcset=\"https:\/\/schloss-schrattenthal.at\/wp-content\/uploads\/Lavendelfeld-bei-Sonnenuntergang.webp 1200w, https:\/\/schloss-schrattenthal.at\/wp-content\/uploads\/Lavendelfeld-bei-Sonnenuntergang-640x427.webp 640w, https:\/\/schloss-schrattenthal.at\/wp-content\/uploads\/Lavendelfeld-bei-Sonnenuntergang-768x512.webp 768w\" sizes=\"auto, (max-width: 1200px) 100vw, 1200px\" \/>\n<\/div>\n\n\n\n<div class=\"padding--secondary gb-element-0a521f7e\">\n<h2 class=\"gb-text gb-text-e38638e7\">Hostina pln\u00e1 chut\u00ed a pot\u011b\u0161en\u00ed<\/h2>\n\n\n\n<p class=\"gb-text gb-text-efac2fc7\">Poznejte kouzlo levandule v malebn\u00e9m z\u00e1meck\u00e9m parku Schlossallee ve Schrattenthalu. \u010cekaj\u00ed v\u00e1s dva dny pln\u00e9 barev, v\u016fn\u00ed a nezapomenuteln\u00fdch okam\u017eik\u016f!<\/p>\n<\/div>\n<\/div>\n\n\n\n<div><style>.wp-block-kadence-advancedgallery .kb-gallery-type-grid.kb-gallery-id-36365_3bddeb-cb{margin:-5px;}.kb-gallery-type-grid.kb-gallery-id-36365_3bddeb-cb .kadence-blocks-gallery-item{padding:5px;}.kb-gallery-id-36365_3bddeb-cb .kadence-blocks-gallery-item .kb-gal-image-radius, .kb-gallery-id-36365_3bddeb-cb .kb-slide-item .kb-gal-image-radius img{border-radius:0px 0px 0px 0px;;}<\/style><div class=\"kb-gallery-wrap-id-36365_3bddeb-cb alignnone wp-block-kadence-advancedgallery\"><ul class=\"kb-gallery-ul kb-gallery-non-static kb-gallery-type-grid kb-gallery-id-36365_3bddeb-cb kb-gallery-caption-style-bottom-hover kb-gallery-filter-none kb-gallery-magnific-init\" data-image-filter=\"none\" data-item-selector=\".kadence-blocks-gallery-item\" data-lightbox-caption=\"false\" data-columns-xxl=\"3\" data-columns-xl=\"3\" data-columns-md=\"3\" data-columns-sm=\"2\" data-columns-xs=\"1\" data-columns-ss=\"1\"><li class=\"kadence-blocks-gallery-item\"><div class=\"kadence-blocks-gallery-item-inner\"><figure class=\"kb-gallery-figure kb-gallery-item-has-link kadence-blocks-gallery-item-hide-caption\"><a href=\"https:\/\/schloss-schrattenthal.at\/wp-content\/uploads\/Lavendelfeld-in-der-Naehe-des-Schlosses.webp?_t=1742198435\" data-alt=\"Lavendelfeld in der N\u00e4he der Burg bei Sonnenuntergang\" class=\"kb-gallery-item-link\"   role=\"button\" aria-haspopup=\"dialog\"><div class=\"kb-gal-image-radius\"><div class=\"kb-gallery-image-contain kadence-blocks-gallery-intrinsic kb-gallery-image-ratio-square kb-has-image-ratio-square\" ><img loading=\"lazy\" decoding=\"async\" src=\"https:\/\/schloss-schrattenthal.at\/wp-content\/uploads\/Lavendelfeld-in-der-Naehe-des-Schlosses-1024x768.webp?_t=1742198435\" width=\"1024\" height=\"768\" alt=\"Lavendelfeld in der N\u00e4he der Burg bei Sonnenuntergang\" data-full-image=\"https:\/\/schloss-schrattenthal.at\/wp-content\/uploads\/Lavendelfeld-in-der-Naehe-des-Schlosses.webp\" data-light-image=\"https:\/\/schloss-schrattenthal.at\/wp-content\/uploads\/Lavendelfeld-in-der-Naehe-des-Schlosses.webp\" data-id=\"36734\" class=\"wp-image-36734\" srcset=\"https:\/\/schloss-schrattenthal.at\/wp-content\/uploads\/Lavendelfeld-in-der-Naehe-des-Schlosses-1024x768.webp 1024w, https:\/\/schloss-schrattenthal.at\/wp-content\/uploads\/Lavendelfeld-in-der-Naehe-des-Schlosses-460x345.webp 460w, https:\/\/schloss-schrattenthal.at\/wp-content\/uploads\/Lavendelfeld-in-der-Naehe-des-Schlosses-768x576.webp 768w, https:\/\/schloss-schrattenthal.at\/wp-content\/uploads\/Lavendelfeld-in-der-Naehe-des-Schlosses.webp 1200w\" sizes=\"auto, (max-width: 1024px) 100vw, 1024px\" \/><\/div><\/div><\/a><\/figure><\/div><\/li><li class=\"kadence-blocks-gallery-item\"><div class=\"kadence-blocks-gallery-item-inner\"><figure class=\"kb-gallery-figure kb-gallery-item-has-link kadence-blocks-gallery-item-hide-caption\"><a href=\"https:\/\/schloss-schrattenthal.at\/wp-content\/uploads\/Reihen-von-Lavendelfeldern.webp\" class=\"kb-gallery-item-link\"   role=\"button\" aria-haspopup=\"dialog\"><div class=\"kb-gal-image-radius\"><div class=\"kb-gallery-image-contain kadence-blocks-gallery-intrinsic kb-gallery-image-ratio-square kb-has-image-ratio-square\" ><img loading=\"lazy\" decoding=\"async\" src=\"https:\/\/schloss-schrattenthal.at\/wp-content\/uploads\/Reihen-von-Lavendelfeldern.webp\" width=\"1600\" height=\"655\" alt=\"\" data-full-image=\"https:\/\/schloss-schrattenthal.at\/wp-content\/uploads\/Reihen-von-Lavendelfeldern.webp\" data-light-image=\"https:\/\/schloss-schrattenthal.at\/wp-content\/uploads\/Reihen-von-Lavendelfeldern.webp\" data-id=\"36966\" class=\"wp-image-36966\" srcset=\"https:\/\/schloss-schrattenthal.at\/wp-content\/uploads\/Reihen-von-Lavendelfeldern.webp 1600w, https:\/\/schloss-schrattenthal.at\/wp-content\/uploads\/Reihen-von-Lavendelfeldern-640x262.webp 640w, https:\/\/schloss-schrattenthal.at\/wp-content\/uploads\/Reihen-von-Lavendelfeldern-768x314.webp 768w, https:\/\/schloss-schrattenthal.at\/wp-content\/uploads\/Reihen-von-Lavendelfeldern-1536x629.webp 1536w\" sizes=\"auto, (max-width: 1600px) 100vw, 1600px\" \/><\/div><\/div><\/a><\/figure><\/div><\/li><li class=\"kadence-blocks-gallery-item\"><div class=\"kadence-blocks-gallery-item-inner\"><figure class=\"kb-gallery-figure kb-gallery-item-has-link kadence-blocks-gallery-item-hide-caption\"><a href=\"https:\/\/schloss-schrattenthal.at\/wp-content\/uploads\/Lavendelfelder-in-der-Naehe-des-Waldes.webp\" class=\"kb-gallery-item-link\"   role=\"button\" aria-haspopup=\"dialog\"><div class=\"kb-gal-image-radius\"><div class=\"kb-gallery-image-contain kadence-blocks-gallery-intrinsic kb-gallery-image-ratio-square kb-has-image-ratio-square\" ><img loading=\"lazy\" decoding=\"async\" src=\"https:\/\/schloss-schrattenthal.at\/wp-content\/uploads\/Lavendelfelder-in-der-Naehe-des-Waldes.webp\" width=\"1600\" height=\"739\" alt=\"\" data-full-image=\"https:\/\/schloss-schrattenthal.at\/wp-content\/uploads\/Lavendelfelder-in-der-Naehe-des-Waldes.webp\" data-light-image=\"https:\/\/schloss-schrattenthal.at\/wp-content\/uploads\/Lavendelfelder-in-der-Naehe-des-Waldes.webp\" data-id=\"36964\" class=\"wp-image-36964\" srcset=\"https:\/\/schloss-schrattenthal.at\/wp-content\/uploads\/Lavendelfelder-in-der-Naehe-des-Waldes.webp 1600w, https:\/\/schloss-schrattenthal.at\/wp-content\/uploads\/Lavendelfelder-in-der-Naehe-des-Waldes-640x296.webp 640w, https:\/\/schloss-schrattenthal.at\/wp-content\/uploads\/Lavendelfelder-in-der-Naehe-des-Waldes-768x355.webp 768w, https:\/\/schloss-schrattenthal.at\/wp-content\/uploads\/Lavendelfelder-in-der-Naehe-des-Waldes-1536x709.webp 1536w\" sizes=\"auto, (max-width: 1600px) 100vw, 1600px\" \/><\/div><\/div><\/a><\/figure><\/div><\/li><li class=\"kadence-blocks-gallery-item\"><div class=\"kadence-blocks-gallery-item-inner\"><figure class=\"kb-gallery-figure kb-gallery-item-has-link kadence-blocks-gallery-item-hide-caption\"><a href=\"https:\/\/schloss-schrattenthal.at\/wp-content\/uploads\/Grosses-Erholungsgebiet-neben-Lavendelfeld.webp\" class=\"kb-gallery-item-link\"   role=\"button\" aria-haspopup=\"dialog\"><div class=\"kb-gal-image-radius\"><div class=\"kb-gallery-image-contain kadence-blocks-gallery-intrinsic kb-gallery-image-ratio-square kb-has-image-ratio-square\" ><img loading=\"lazy\" decoding=\"async\" src=\"https:\/\/schloss-schrattenthal.at\/wp-content\/uploads\/Grosses-Erholungsgebiet-neben-Lavendelfeld.webp\" width=\"1600\" height=\"655\" alt=\"\" data-full-image=\"https:\/\/schloss-schrattenthal.at\/wp-content\/uploads\/Grosses-Erholungsgebiet-neben-Lavendelfeld.webp\" data-light-image=\"https:\/\/schloss-schrattenthal.at\/wp-content\/uploads\/Grosses-Erholungsgebiet-neben-Lavendelfeld.webp\" data-id=\"36961\" class=\"wp-image-36961\" srcset=\"https:\/\/schloss-schrattenthal.at\/wp-content\/uploads\/Grosses-Erholungsgebiet-neben-Lavendelfeld.webp 1600w, https:\/\/schloss-schrattenthal.at\/wp-content\/uploads\/Grosses-Erholungsgebiet-neben-Lavendelfeld-640x262.webp 640w, https:\/\/schloss-schrattenthal.at\/wp-content\/uploads\/Grosses-Erholungsgebiet-neben-Lavendelfeld-768x314.webp 768w, https:\/\/schloss-schrattenthal.at\/wp-content\/uploads\/Grosses-Erholungsgebiet-neben-Lavendelfeld-1536x629.webp 1536w\" sizes=\"auto, (max-width: 1600px) 100vw, 1600px\" \/><\/div><\/div><\/a><\/figure><\/div><\/li><li class=\"kadence-blocks-gallery-item\"><div class=\"kadence-blocks-gallery-item-inner\"><figure class=\"kb-gallery-figure kb-gallery-item-has-link kadence-blocks-gallery-item-hide-caption\"><a href=\"https:\/\/schloss-schrattenthal.at\/wp-content\/uploads\/Familie-entspannt-in-der-Naehe-von-Lavendelfeld.webp\" class=\"kb-gallery-item-link\"   role=\"button\" aria-haspopup=\"dialog\"><div class=\"kb-gal-image-radius\"><div class=\"kb-gallery-image-contain kadence-blocks-gallery-intrinsic kb-gallery-image-ratio-square kb-has-image-ratio-square\" ><img loading=\"lazy\" decoding=\"async\" src=\"https:\/\/schloss-schrattenthal.at\/wp-content\/uploads\/Familie-entspannt-in-der-Naehe-von-Lavendelfeld.webp\" width=\"1600\" height=\"655\" alt=\"\" data-full-image=\"https:\/\/schloss-schrattenthal.at\/wp-content\/uploads\/Familie-entspannt-in-der-Naehe-von-Lavendelfeld.webp\" data-light-image=\"https:\/\/schloss-schrattenthal.at\/wp-content\/uploads\/Familie-entspannt-in-der-Naehe-von-Lavendelfeld.webp\" data-id=\"36960\" class=\"wp-image-36960\" srcset=\"https:\/\/schloss-schrattenthal.at\/wp-content\/uploads\/Familie-entspannt-in-der-Naehe-von-Lavendelfeld.webp 1600w, https:\/\/schloss-schrattenthal.at\/wp-content\/uploads\/Familie-entspannt-in-der-Naehe-von-Lavendelfeld-640x262.webp 640w, https:\/\/schloss-schrattenthal.at\/wp-content\/uploads\/Familie-entspannt-in-der-Naehe-von-Lavendelfeld-768x314.webp 768w, https:\/\/schloss-schrattenthal.at\/wp-content\/uploads\/Familie-entspannt-in-der-Naehe-von-Lavendelfeld-1536x629.webp 1536w\" sizes=\"auto, (max-width: 1600px) 100vw, 1600px\" \/><\/div><\/div><\/a><\/figure><\/div><\/li><li class=\"kadence-blocks-gallery-item\"><div class=\"kadence-blocks-gallery-item-inner\"><figure class=\"kb-gallery-figure kb-gallery-item-has-link kadence-blocks-gallery-item-hide-caption\"><a href=\"https:\/\/schloss-schrattenthal.at\/wp-content\/uploads\/Erholungsgebiet-neben-Lavendelfeld.webp\" class=\"kb-gallery-item-link\"   role=\"button\" aria-haspopup=\"dialog\"><div class=\"kb-gal-image-radius\"><div class=\"kb-gallery-image-contain kadence-blocks-gallery-intrinsic kb-gallery-image-ratio-square kb-has-image-ratio-square\" ><img loading=\"lazy\" decoding=\"async\" src=\"https:\/\/schloss-schrattenthal.at\/wp-content\/uploads\/Erholungsgebiet-neben-Lavendelfeld.webp\" width=\"1600\" height=\"655\" alt=\"\" data-full-image=\"https:\/\/schloss-schrattenthal.at\/wp-content\/uploads\/Erholungsgebiet-neben-Lavendelfeld.webp\" data-light-image=\"https:\/\/schloss-schrattenthal.at\/wp-content\/uploads\/Erholungsgebiet-neben-Lavendelfeld.webp\" data-id=\"36959\" class=\"wp-image-36959\" srcset=\"https:\/\/schloss-schrattenthal.at\/wp-content\/uploads\/Erholungsgebiet-neben-Lavendelfeld.webp 1600w, https:\/\/schloss-schrattenthal.at\/wp-content\/uploads\/Erholungsgebiet-neben-Lavendelfeld-640x262.webp 640w, https:\/\/schloss-schrattenthal.at\/wp-content\/uploads\/Erholungsgebiet-neben-Lavendelfeld-768x314.webp 768w, https:\/\/schloss-schrattenthal.at\/wp-content\/uploads\/Erholungsgebiet-neben-Lavendelfeld-1536x629.webp 1536w\" sizes=\"auto, (max-width: 1600px) 100vw, 1600px\" \/><\/div><\/div><\/a><\/figure><\/div><\/li><li class=\"kadence-blocks-gallery-item\"><div class=\"kadence-blocks-gallery-item-inner\"><figure class=\"kb-gallery-figure kb-gallery-item-has-link kadence-blocks-gallery-item-hide-caption\"><a href=\"https:\/\/schloss-schrattenthal.at\/wp-content\/uploads\/Kinder-gehen-durch-Reihen-von-Lavendelfeldern.webp\" class=\"kb-gallery-item-link\"   role=\"button\" aria-haspopup=\"dialog\"><div class=\"kb-gal-image-radius\"><div class=\"kb-gallery-image-contain kadence-blocks-gallery-intrinsic kb-gallery-image-ratio-square kb-has-image-ratio-square\" ><img loading=\"lazy\" decoding=\"async\" src=\"https:\/\/schloss-schrattenthal.at\/wp-content\/uploads\/Kinder-gehen-durch-Reihen-von-Lavendelfeldern-524x1280.webp\" width=\"524\" height=\"1280\" alt=\"\" data-full-image=\"https:\/\/schloss-schrattenthal.at\/wp-content\/uploads\/Kinder-gehen-durch-Reihen-von-Lavendelfeldern.webp\" data-light-image=\"https:\/\/schloss-schrattenthal.at\/wp-content\/uploads\/Kinder-gehen-durch-Reihen-von-Lavendelfeldern.webp\" data-id=\"36962\" class=\"wp-image-36962\" srcset=\"https:\/\/schloss-schrattenthal.at\/wp-content\/uploads\/Kinder-gehen-durch-Reihen-von-Lavendelfeldern-524x1280.webp 524w, https:\/\/schloss-schrattenthal.at\/wp-content\/uploads\/Kinder-gehen-durch-Reihen-von-Lavendelfeldern-262x640.webp 262w, https:\/\/schloss-schrattenthal.at\/wp-content\/uploads\/Kinder-gehen-durch-Reihen-von-Lavendelfeldern-629x1536.webp 629w, https:\/\/schloss-schrattenthal.at\/wp-content\/uploads\/Kinder-gehen-durch-Reihen-von-Lavendelfeldern.webp 655w\" sizes=\"auto, (max-width: 524px) 100vw, 524px\" \/><\/div><\/div><\/a><\/figure><\/div><\/li><li class=\"kadence-blocks-gallery-item\"><div class=\"kadence-blocks-gallery-item-inner\"><figure class=\"kb-gallery-figure kb-gallery-item-has-link kadence-blocks-gallery-item-hide-caption\"><a href=\"https:\/\/schloss-schrattenthal.at\/wp-content\/uploads\/endlose-Lavendelfelder.webp\" class=\"kb-gallery-item-link\"   role=\"button\" aria-haspopup=\"dialog\"><div class=\"kb-gal-image-radius\"><div class=\"kb-gallery-image-contain kadence-blocks-gallery-intrinsic kb-gallery-image-ratio-square kb-has-image-ratio-square\" ><img loading=\"lazy\" decoding=\"async\" src=\"https:\/\/schloss-schrattenthal.at\/wp-content\/uploads\/endlose-Lavendelfelder-524x1280.webp\" width=\"524\" height=\"1280\" alt=\"\" data-full-image=\"https:\/\/schloss-schrattenthal.at\/wp-content\/uploads\/endlose-Lavendelfelder.webp\" data-light-image=\"https:\/\/schloss-schrattenthal.at\/wp-content\/uploads\/endlose-Lavendelfelder.webp\" data-id=\"36958\" class=\"wp-image-36958\" srcset=\"https:\/\/schloss-schrattenthal.at\/wp-content\/uploads\/endlose-Lavendelfelder-524x1280.webp 524w, https:\/\/schloss-schrattenthal.at\/wp-content\/uploads\/endlose-Lavendelfelder-262x640.webp 262w, https:\/\/schloss-schrattenthal.at\/wp-content\/uploads\/endlose-Lavendelfelder-629x1536.webp 629w, https:\/\/schloss-schrattenthal.at\/wp-content\/uploads\/endlose-Lavendelfelder.webp 655w\" sizes=\"auto, (max-width: 524px) 100vw, 524px\" \/><\/div><\/div><\/a><\/figure><\/div><\/li><li class=\"kadence-blocks-gallery-item\"><div class=\"kadence-blocks-gallery-item-inner\"><figure class=\"kb-gallery-figure kb-gallery-item-has-link kadence-blocks-gallery-item-hide-caption\"><a href=\"https:\/\/schloss-schrattenthal.at\/wp-content\/uploads\/Menschen-spazieren-gehen-durch-Lavendelfelder.webp\" class=\"kb-gallery-item-link\"   role=\"button\" aria-haspopup=\"dialog\"><div class=\"kb-gal-image-radius\"><div class=\"kb-gallery-image-contain kadence-blocks-gallery-intrinsic kb-gallery-image-ratio-square kb-has-image-ratio-square\" ><img loading=\"lazy\" decoding=\"async\" src=\"https:\/\/schloss-schrattenthal.at\/wp-content\/uploads\/Menschen-spazieren-gehen-durch-Lavendelfelder.webp\" width=\"1600\" height=\"655\" alt=\"\" data-full-image=\"https:\/\/schloss-schrattenthal.at\/wp-content\/uploads\/Menschen-spazieren-gehen-durch-Lavendelfelder.webp\" data-light-image=\"https:\/\/schloss-schrattenthal.at\/wp-content\/uploads\/Menschen-spazieren-gehen-durch-Lavendelfelder.webp\" data-id=\"36965\" class=\"wp-image-36965\" srcset=\"https:\/\/schloss-schrattenthal.at\/wp-content\/uploads\/Menschen-spazieren-gehen-durch-Lavendelfelder.webp 1600w, https:\/\/schloss-schrattenthal.at\/wp-content\/uploads\/Menschen-spazieren-gehen-durch-Lavendelfelder-640x262.webp 640w, https:\/\/schloss-schrattenthal.at\/wp-content\/uploads\/Menschen-spazieren-gehen-durch-Lavendelfelder-768x314.webp 768w, https:\/\/schloss-schrattenthal.at\/wp-content\/uploads\/Menschen-spazieren-gehen-durch-Lavendelfelder-1536x629.webp 1536w\" sizes=\"auto, (max-width: 1600px) 100vw, 1600px\" \/><\/div><\/div><\/a><\/figure><\/div><\/li><li class=\"kadence-blocks-gallery-item\"><div class=\"kadence-blocks-gallery-item-inner\"><figure class=\"kb-gallery-figure kb-gallery-item-has-link kadence-blocks-gallery-item-hide-caption\"><a href=\"https:\/\/schloss-schrattenthal.at\/wp-content\/uploads\/ein-riesiges-Lavendelfeld.webp\" class=\"kb-gallery-item-link\"   role=\"button\" aria-haspopup=\"dialog\"><div class=\"kb-gal-image-radius\"><div class=\"kb-gallery-image-contain kadence-blocks-gallery-intrinsic kb-gallery-image-ratio-square kb-has-image-ratio-square\" ><img loading=\"lazy\" decoding=\"async\" src=\"https:\/\/schloss-schrattenthal.at\/wp-content\/uploads\/ein-riesiges-Lavendelfeld.webp\" width=\"1600\" height=\"655\" alt=\"\" data-full-image=\"https:\/\/schloss-schrattenthal.at\/wp-content\/uploads\/ein-riesiges-Lavendelfeld.webp\" data-light-image=\"https:\/\/schloss-schrattenthal.at\/wp-content\/uploads\/ein-riesiges-Lavendelfeld.webp\" data-id=\"36957\" class=\"wp-image-36957\" srcset=\"https:\/\/schloss-schrattenthal.at\/wp-content\/uploads\/ein-riesiges-Lavendelfeld.webp 1600w, https:\/\/schloss-schrattenthal.at\/wp-content\/uploads\/ein-riesiges-Lavendelfeld-640x262.webp 640w, https:\/\/schloss-schrattenthal.at\/wp-content\/uploads\/ein-riesiges-Lavendelfeld-768x314.webp 768w, https:\/\/schloss-schrattenthal.at\/wp-content\/uploads\/ein-riesiges-Lavendelfeld-1536x629.webp 1536w\" sizes=\"auto, (max-width: 1600px) 100vw, 1600px\" \/><\/div><\/div><\/a><\/figure><\/div><\/li><li class=\"kadence-blocks-gallery-item\"><div class=\"kadence-blocks-gallery-item-inner\"><figure class=\"kb-gallery-figure kb-gallery-item-has-link kadence-blocks-gallery-item-hide-caption\"><a href=\"https:\/\/schloss-schrattenthal.at\/wp-content\/uploads\/Lavendel-Souvenirs.webp\" class=\"kb-gallery-item-link\"   role=\"button\" aria-haspopup=\"dialog\"><div class=\"kb-gal-image-radius\"><div class=\"kb-gallery-image-contain kadence-blocks-gallery-intrinsic kb-gallery-image-ratio-square kb-has-image-ratio-square\" ><img loading=\"lazy\" decoding=\"async\" src=\"https:\/\/schloss-schrattenthal.at\/wp-content\/uploads\/Lavendel-Souvenirs.webp\" width=\"1600\" height=\"655\" alt=\"\" data-full-image=\"https:\/\/schloss-schrattenthal.at\/wp-content\/uploads\/Lavendel-Souvenirs.webp\" data-light-image=\"https:\/\/schloss-schrattenthal.at\/wp-content\/uploads\/Lavendel-Souvenirs.webp\" data-id=\"36963\" class=\"wp-image-36963\" srcset=\"https:\/\/schloss-schrattenthal.at\/wp-content\/uploads\/Lavendel-Souvenirs.webp 1600w, https:\/\/schloss-schrattenthal.at\/wp-content\/uploads\/Lavendel-Souvenirs-640x262.webp 640w, https:\/\/schloss-schrattenthal.at\/wp-content\/uploads\/Lavendel-Souvenirs-768x314.webp 768w, https:\/\/schloss-schrattenthal.at\/wp-content\/uploads\/Lavendel-Souvenirs-1536x629.webp 1536w\" sizes=\"auto, (max-width: 1600px) 100vw, 1600px\" \/><\/div><\/div><\/a><\/figure><\/div><\/li><li class=\"kadence-blocks-gallery-item\"><div class=\"kadence-blocks-gallery-item-inner\"><figure class=\"kb-gallery-figure kb-gallery-item-has-link kadence-blocks-gallery-item-hide-caption\"><a href=\"https:\/\/schloss-schrattenthal.at\/wp-content\/uploads\/Die-Menschen-entspannen-sich-neben-Lavendelfelder.webp\" class=\"kb-gallery-item-link\"   role=\"button\" aria-haspopup=\"dialog\"><div class=\"kb-gal-image-radius\"><div class=\"kb-gallery-image-contain kadence-blocks-gallery-intrinsic kb-gallery-image-ratio-square kb-has-image-ratio-square\" ><img loading=\"lazy\" decoding=\"async\" src=\"https:\/\/schloss-schrattenthal.at\/wp-content\/uploads\/Die-Menschen-entspannen-sich-neben-Lavendelfelder.webp\" width=\"1600\" height=\"655\" alt=\"\" data-full-image=\"https:\/\/schloss-schrattenthal.at\/wp-content\/uploads\/Die-Menschen-entspannen-sich-neben-Lavendelfelder.webp\" data-light-image=\"https:\/\/schloss-schrattenthal.at\/wp-content\/uploads\/Die-Menschen-entspannen-sich-neben-Lavendelfelder.webp\" data-id=\"36956\" class=\"wp-image-36956\" srcset=\"https:\/\/schloss-schrattenthal.at\/wp-content\/uploads\/Die-Menschen-entspannen-sich-neben-Lavendelfelder.webp 1600w, https:\/\/schloss-schrattenthal.at\/wp-content\/uploads\/Die-Menschen-entspannen-sich-neben-Lavendelfelder-640x262.webp 640w, https:\/\/schloss-schrattenthal.at\/wp-content\/uploads\/Die-Menschen-entspannen-sich-neben-Lavendelfelder-768x314.webp 768w, https:\/\/schloss-schrattenthal.at\/wp-content\/uploads\/Die-Menschen-entspannen-sich-neben-Lavendelfelder-1536x629.webp 1536w\" sizes=\"auto, (max-width: 1600px) 100vw, 1600px\" \/><\/div><\/div><\/a><\/figure><\/div><\/li><\/ul><\/div><\/div>\n<\/div>\n<\/div>\n<\/div>","protected":false},"excerpt":{"rendered":"<p>Levandulov\u00fd festival Festival pln\u00fd v\u016fn\u00ed a chut\u00ed Za\u017eijte kouzlo levandule v malebn\u00e9m z\u00e1meck\u00e9m parku Schlossallee ve Schrattenthalu. \u010cekaj\u00ed v\u00e1s dva dny pln\u00e9 barev, v\u016fn\u00ed a nezapomenuteln\u00fdch okam\u017eik\u016f!<\/p>","protected":false},"author":2,"featured_media":0,"parent":0,"menu_order":0,"comment_status":"closed","ping_status":"closed","template":"","meta":{"_acf_changed":false,"footnotes":""},"class_list":["post-36365","page","type-page","status-publish"],"acf":[],"_links":{"self":[{"href":"https:\/\/schloss-schrattenthal.at\/cs\/wp-json\/wp\/v2\/pages\/36365","targetHints":{"allow":["GET"]}}],"collection":[{"href":"https:\/\/schloss-schrattenthal.at\/cs\/wp-json\/wp\/v2\/pages"}],"about":[{"href":"https:\/\/schloss-schrattenthal.at\/cs\/wp-json\/wp\/v2\/types\/page"}],"author":[{"embeddable":true,"href":"https:\/\/schloss-schrattenthal.at\/cs\/wp-json\/wp\/v2\/users\/2"}],"replies":[{"embeddable":true,"href":"https:\/\/schloss-schrattenthal.at\/cs\/wp-json\/wp\/v2\/comments?post=36365"}],"version-history":[{"count":26,"href":"https:\/\/schloss-schrattenthal.at\/cs\/wp-json\/wp\/v2\/pages\/36365\/revisions"}],"predecessor-version":[{"id":37320,"href":"https:\/\/schloss-schrattenthal.at\/cs\/wp-json\/wp\/v2\/pages\/36365\/revisions\/37320"}],"wp:attachment":[{"href":"https:\/\/schloss-schrattenthal.at\/cs\/wp-json\/wp\/v2\/media?parent=36365"}],"curies":[{"name":"wp","href":"https:\/\/api.w.org\/{rel}","templated":true}]}}